{"id":17,"date":"2021-10-22T13:56:45","date_gmt":"2021-10-22T11:56:45","guid":{"rendered":"http:\/\/centrumpanorama.pl\/konferencje-bankiety\/?page_id=17"},"modified":"2021-11-25T12:30:06","modified_gmt":"2021-11-25T11:30:06","slug":"o-nas","status":"publish","type":"page","link":"https:\/\/centrumpanorama.pl\/konferencje-bankiety\/o-nas\/","title":{"rendered":"O nas"},"content":{"rendered":"\t\t<div data-elementor-type=\"wp-page\" data-elementor-id=\"17\" class=\"elementor elementor-17\" data-elementor-post-type=\"page\">\n\t\t\t\t\t\t<section class=\"elementor-section elementor-top-section elementor-element elementor-element-478163f9 elementor-section-boxed elementor-section-height-default elementor-section-height-default\" data-id=\"478163f9\" data-element_type=\"section\">\n\t\t\t\t\t\t<div class=\"elementor-container elementor-column-gap-default\">\n\t\t\t\t\t<div class=\"elementor-column elementor-col-50 elementor-top-column elementor-element elementor-element-5c711635\" data-id=\"5c711635\" data-element_type=\"column\" data-settings=\"{&quot;animation&quot;:&quot;none&quot;}\">\n\t\t\t<div class=\"elementor-widget-wrap elementor-element-populated\">\n\t\t\t\t\t\t<div class=\"elementor-element elementor-element-57321409 elementor-invisible elementor-widget elementor-widget-image\" data-id=\"57321409\" data-element_type=\"widget\" data-settings=\"{&quot;_animation&quot;:&quot;fadeInLeft&quot;,&quot;_animation_tablet&quot;:&quot;none&quot;}\" data-widget_type=\"image.default\">\n\t\t\t\t<div class=\"elementor-widget-container\">\n\t\t\t<style>\/*! elementor - v3.21.0 - 08-05-2024 *\/\n.elementor-widget-image{text-align:center}.elementor-widget-image a{display:inline-block}.elementor-widget-image a img[src$=\".svg\"]{width:48px}.elementor-widget-image img{vertical-align:middle;display:inline-block}<\/style>\t\t\t\t\t\t\t\t\t\t\t<a href=\"https:\/\/centrumpanorama.pl\/konferencje-bankiety\/wp-content\/uploads\/2021\/10\/centrum-panorama-home-2.jpg\" data-elementor-open-lightbox=\"yes\" data-elementor-lightbox-title=\"centrum-panorama-home-2\" data-e-action-hash=\"#elementor-action%3Aaction%3Dlightbox%26settings%3DeyJpZCI6MTg4LCJ1cmwiOiJodHRwczpcL1wvY2VudHJ1bXBhbm9yYW1hLnBsXC9rb25mZXJlbmNqZS1iYW5raWV0eVwvd3AtY29udGVudFwvdXBsb2Fkc1wvMjAyMVwvMTBcL2NlbnRydW0tcGFub3JhbWEtaG9tZS0yLmpwZyJ9\">\n\t\t\t\t\t\t\t<img decoding=\"async\" src=\"https:\/\/centrumpanorama.pl\/konferencje-bankiety\/wp-content\/uploads\/elementor\/thumbs\/centrum-panorama-home-2-pf4tz5gfmg4l5i2q0mwnz459il2lkz3e5rtudldit8.jpg\" title=\"centrum-panorama-home-2\" alt=\"centrum-panorama-home-2\" loading=\"lazy\" \/>\t\t\t\t\t\t\t\t<\/a>\n\t\t\t\t\t\t\t\t\t\t\t\t\t<\/div>\n\t\t\t\t<\/div>\n\t\t\t\t\t<\/div>\n\t\t<\/div>\n\t\t\t\t<div class=\"elementor-column elementor-col-50 elementor-top-column elementor-element elementor-element-50fdc0ca\" data-id=\"50fdc0ca\" data-element_type=\"column\" data-settings=\"{&quot;animation&quot;:&quot;none&quot;}\">\n\t\t\t<div class=\"elementor-widget-wrap elementor-element-populated\">\n\t\t\t\t\t\t<div class=\"elementor-element elementor-element-128e259f animated-slow elementor-invisible elementor-widget elementor-widget-heading\" data-id=\"128e259f\" data-element_type=\"widget\" data-settings=\"{&quot;_animation&quot;:&quot;fadeIn&quot;}\" data-widget_type=\"heading.default\">\n\t\t\t\t<div class=\"elementor-widget-container\">\n\t\t\t<style>\/*! elementor - v3.21.0 - 08-05-2024 *\/\n.elementor-heading-title{padding:0;margin:0;line-height:1}.elementor-widget-heading .elementor-heading-title[class*=elementor-size-]>a{color:inherit;font-size:inherit;line-height:inherit}.elementor-widget-heading .elementor-heading-title.elementor-size-small{font-size:15px}.elementor-widget-heading .elementor-heading-title.elementor-size-medium{font-size:19px}.elementor-widget-heading .elementor-heading-title.elementor-size-large{font-size:29px}.elementor-widget-heading .elementor-heading-title.elementor-size-xl{font-size:39px}.elementor-widget-heading .elementor-heading-title.elementor-size-xxl{font-size:59px}<\/style><h2 class=\"elementor-heading-title elementor-size-default\">\u015awi\u0119tuj wyj\u0105tkowe wydarzenia na \u0142onie natury<\/h2>\t\t<\/div>\n\t\t\t\t<\/div>\n\t\t\t\t<div class=\"elementor-element elementor-element-436ce50 animated-slow elementor-invisible elementor-widget elementor-widget-text-editor\" data-id=\"436ce50\" data-element_type=\"widget\" data-settings=\"{&quot;_animation&quot;:&quot;fadeIn&quot;}\" data-widget_type=\"text-editor.default\">\n\t\t\t\t<div class=\"elementor-widget-container\">\n\t\t\t<style>\/*! elementor - v3.21.0 - 08-05-2024 *\/\n.elementor-widget-text-editor.elementor-drop-cap-view-stacked .elementor-drop-cap{background-color:#69727d;color:#fff}.elementor-widget-text-editor.elementor-drop-cap-view-framed .elementor-drop-cap{color:#69727d;border:3px solid;background-color:transparent}.elementor-widget-text-editor:not(.elementor-drop-cap-view-default) .elementor-drop-cap{margin-top:8px}.elementor-widget-text-editor:not(.elementor-drop-cap-view-default) .elementor-drop-cap-letter{width:1em;height:1em}.elementor-widget-text-editor .elementor-drop-cap{float:left;text-align:center;line-height:1;font-size:50px}.elementor-widget-text-editor .elementor-drop-cap-letter{display:inline-block}<\/style>\t\t\t\t<p>Z wielk\u0105 przyjemno\u015bci\u0105 zapraszamy Pa\u0144stwa do Centrum Bankietowo \u2013 Konferencyjnego Panorama po\u0142o\u017conego w miejscowo\u015bci Ka\u0142ki w gminie Ojrze\u0144. Miejsce to powsta\u0142o z my\u015bl\u0105 o stworzeniu przestronnego i komfortowego miejsca blisko natury, idealnego na spotkania z najbli\u017cszymi i przyjaci\u00f3\u0142mi, aby wsp\u00f3lnie \u015bwi\u0119towa\u0107 wyj\u0105tkowe okazje.<\/p>\t\t\t\t\t\t<\/div>\n\t\t\t\t<\/div>\n\t\t\t\t\t<\/div>\n\t\t<\/div>\n\t\t\t\t\t<\/div>\n\t\t<\/section>\n\t\t\t\t<section class=\"elementor-section elementor-top-section elementor-element elementor-element-44caca81 elementor-section-boxed elementor-section-height-default elementor-section-height-default\" data-id=\"44caca81\" data-element_type=\"section\">\n\t\t\t\t\t\t<div class=\"elementor-container elementor-column-gap-default\">\n\t\t\t\t\t<div class=\"elementor-column elementor-col-100 elementor-top-column elementor-element elementor-element-563749b\" data-id=\"563749b\" data-element_type=\"column\">\n\t\t\t<div class=\"elementor-widget-wrap elementor-element-populated\">\n\t\t\t\t\t\t<section class=\"elementor-section elementor-inner-section elementor-element elementor-element-7961c01c elementor-section-boxed elementor-section-height-default elementor-section-height-default\" data-id=\"7961c01c\" data-element_type=\"section\">\n\t\t\t\t\t\t<div class=\"elementor-container elementor-column-gap-default\">\n\t\t\t\t\t<div class=\"elementor-column elementor-col-50 elementor-inner-column elementor-element elementor-element-4c249a42\" data-id=\"4c249a42\" data-element_type=\"column\" data-settings=\"{&quot;animation&quot;:&quot;none&quot;}\">\n\t\t\t<div class=\"elementor-widget-wrap elementor-element-populated\">\n\t\t\t\t\t\t<div class=\"elementor-element elementor-element-18fe8ed elementor-invisible elementor-widget elementor-widget-image\" data-id=\"18fe8ed\" data-element_type=\"widget\" data-settings=\"{&quot;_animation&quot;:&quot;fadeInLeft&quot;,&quot;_animation_tablet&quot;:&quot;none&quot;}\" data-widget_type=\"image.default\">\n\t\t\t\t<div class=\"elementor-widget-container\">\n\t\t\t\t\t\t\t\t\t\t\t\t\t\t<a href=\"https:\/\/centrumpanorama.pl\/konferencje-bankiety\/wp-content\/uploads\/2021\/11\/centrum-panorama-o-nas-2.jpg\" data-elementor-open-lightbox=\"yes\" data-elementor-lightbox-title=\"centrum-panorama-o-nas-2\" data-e-action-hash=\"#elementor-action%3Aaction%3Dlightbox%26settings%3DeyJpZCI6NjE2LCJ1cmwiOiJodHRwczpcL1wvY2VudHJ1bXBhbm9yYW1hLnBsXC9rb25mZXJlbmNqZS1iYW5raWV0eVwvd3AtY29udGVudFwvdXBsb2Fkc1wvMjAyMVwvMTFcL2NlbnRydW0tcGFub3JhbWEtby1uYXMtMi5qcGcifQ%3D%3D\">\n\t\t\t\t\t\t\t<img fetchpriority=\"high\" decoding=\"async\" width=\"1024\" height=\"767\" src=\"https:\/\/centrumpanorama.pl\/konferencje-bankiety\/wp-content\/uploads\/2021\/11\/centrum-panorama-o-nas-2-1024x767.jpg\" class=\"attachment-large size-large wp-image-616\" alt=\"\" srcset=\"https:\/\/centrumpanorama.pl\/konferencje-bankiety\/wp-content\/uploads\/2021\/11\/centrum-panorama-o-nas-2-1024x767.jpg 1024w, https:\/\/centrumpanorama.pl\/konferencje-bankiety\/wp-content\/uploads\/2021\/11\/centrum-panorama-o-nas-2-300x225.jpg 300w, https:\/\/centrumpanorama.pl\/konferencje-bankiety\/wp-content\/uploads\/2021\/11\/centrum-panorama-o-nas-2-768x575.jpg 768w, https:\/\/centrumpanorama.pl\/konferencje-bankiety\/wp-content\/uploads\/2021\/11\/centrum-panorama-o-nas-2.jpg 1300w\" sizes=\"(max-width: 1024px) 100vw, 1024px\" \/>\t\t\t\t\t\t\t\t<\/a>\n\t\t\t\t\t\t\t\t\t\t\t\t\t<\/div>\n\t\t\t\t<\/div>\n\t\t\t\t\t<\/div>\n\t\t<\/div>\n\t\t\t\t<div class=\"elementor-column elementor-col-50 elementor-inner-column elementor-element elementor-element-74592e66\" data-id=\"74592e66\" data-element_type=\"column\" data-settings=\"{&quot;animation&quot;:&quot;none&quot;}\">\n\t\t\t<div class=\"elementor-widget-wrap elementor-element-populated\">\n\t\t\t\t\t\t<div class=\"elementor-element elementor-element-c073d83 elementor-invisible elementor-widget elementor-widget-image\" data-id=\"c073d83\" data-element_type=\"widget\" data-settings=\"{&quot;_animation&quot;:&quot;fadeInRight&quot;,&quot;_animation_tablet&quot;:&quot;none&quot;}\" data-widget_type=\"image.default\">\n\t\t\t\t<div class=\"elementor-widget-container\">\n\t\t\t\t\t\t\t\t\t\t\t\t\t\t<a href=\"https:\/\/centrumpanorama.pl\/konferencje-bankiety\/wp-content\/uploads\/2021\/11\/centrum-panorama-o-nas-1.jpg\" data-elementor-open-lightbox=\"yes\" data-elementor-lightbox-title=\"centrum-panorama-o-nas-1\" data-e-action-hash=\"#elementor-action%3Aaction%3Dlightbox%26settings%3DeyJpZCI6NjE1LCJ1cmwiOiJodHRwczpcL1wvY2VudHJ1bXBhbm9yYW1hLnBsXC9rb25mZXJlbmNqZS1iYW5raWV0eVwvd3AtY29udGVudFwvdXBsb2Fkc1wvMjAyMVwvMTFcL2NlbnRydW0tcGFub3JhbWEtby1uYXMtMS5qcGcifQ%3D%3D\">\n\t\t\t\t\t\t\t<img decoding=\"async\" width=\"1024\" height=\"767\" src=\"https:\/\/centrumpanorama.pl\/konferencje-bankiety\/wp-content\/uploads\/2021\/11\/centrum-panorama-o-nas-1-1024x767.jpg\" class=\"attachment-large size-large wp-image-615\" alt=\"\" srcset=\"https:\/\/centrumpanorama.pl\/konferencje-bankiety\/wp-content\/uploads\/2021\/11\/centrum-panorama-o-nas-1-1024x767.jpg 1024w, https:\/\/centrumpanorama.pl\/konferencje-bankiety\/wp-content\/uploads\/2021\/11\/centrum-panorama-o-nas-1-300x225.jpg 300w, https:\/\/centrumpanorama.pl\/konferencje-bankiety\/wp-content\/uploads\/2021\/11\/centrum-panorama-o-nas-1-768x575.jpg 768w, https:\/\/centrumpanorama.pl\/konferencje-bankiety\/wp-content\/uploads\/2021\/11\/centrum-panorama-o-nas-1.jpg 1300w\" sizes=\"(max-width: 1024px) 100vw, 1024px\" \/>\t\t\t\t\t\t\t\t<\/a>\n\t\t\t\t\t\t\t\t\t\t\t\t\t<\/div>\n\t\t\t\t<\/div>\n\t\t\t\t\t<\/div>\n\t\t<\/div>\n\t\t\t\t\t<\/div>\n\t\t<\/section>\n\t\t\t\t\t<\/div>\n\t\t<\/div>\n\t\t\t\t\t<\/div>\n\t\t<\/section>\n\t\t\t\t<section class=\"elementor-section elementor-top-section elementor-element elementor-element-4555c53a elementor-section-boxed elementor-section-height-default elementor-section-height-default\" data-id=\"4555c53a\" data-element_type=\"section\">\n\t\t\t\t\t\t<div class=\"elementor-container elementor-column-gap-default\">\n\t\t\t\t\t<div class=\"elementor-column elementor-col-50 elementor-top-column elementor-element elementor-element-178a4c58\" data-id=\"178a4c58\" data-element_type=\"column\" data-settings=\"{&quot;animation&quot;:&quot;none&quot;}\">\n\t\t\t<div class=\"elementor-widget-wrap elementor-element-populated\">\n\t\t\t\t\t\t<div class=\"elementor-element elementor-element-383e2bc3 animated-slow elementor-invisible elementor-widget elementor-widget-heading\" data-id=\"383e2bc3\" data-element_type=\"widget\" data-settings=\"{&quot;_animation&quot;:&quot;fadeIn&quot;}\" data-widget_type=\"heading.default\">\n\t\t\t\t<div class=\"elementor-widget-container\">\n\t\t\t<h2 class=\"elementor-heading-title elementor-size-default\">Idealne miejsce do organizacji wesela<\/h2>\t\t<\/div>\n\t\t\t\t<\/div>\n\t\t\t\t<div class=\"elementor-element elementor-element-582f4fa elementor-invisible elementor-widget elementor-widget-text-editor\" data-id=\"582f4fa\" data-element_type=\"widget\" data-settings=\"{&quot;_animation&quot;:&quot;fadeIn&quot;}\" data-widget_type=\"text-editor.default\">\n\t\t\t\t<div class=\"elementor-widget-container\">\n\t\t\t\t\t\t\t<p>Proste, a zarazem eleganckie wn\u0119trze przeszklonej z obu stron Sali otoczonej lasem oraz staropolska kuchnia z nowoczesnym akcentem to idealne po\u0142\u0105czenie przy organizacji wyj\u0105tkowego przyj\u0119cia.<\/p><p>Obiekt jest klimatyzowany, posiada udogodnienia dla os\u00f3b niepe\u0142nosprawnych oraz ma\u0142ych dzieci. Malowniczy teren wok\u00f3\u0142 obiektu sprzyja spacerom, a dla Pary M\u0142odej mo\u017ce stanowi\u0107 pi\u0119kne t\u0142o do sesji zdj\u0119ciowej.<\/p>\t\t\t\t\t\t<\/div>\n\t\t\t\t<\/div>\n\t\t\t\t\t<\/div>\n\t\t<\/div>\n\t\t\t\t<div class=\"elementor-column elementor-col-50 elementor-top-column elementor-element elementor-element-4cc4b57c\" data-id=\"4cc4b57c\" data-element_type=\"column\" data-settings=\"{&quot;animation&quot;:&quot;none&quot;}\">\n\t\t\t<div class=\"elementor-widget-wrap elementor-element-populated\">\n\t\t\t\t\t\t<div class=\"elementor-element elementor-element-56a42b96 elementor-invisible elementor-widget elementor-widget-image\" data-id=\"56a42b96\" data-element_type=\"widget\" data-settings=\"{&quot;_animation&quot;:&quot;fadeInRight&quot;,&quot;_animation_tablet&quot;:&quot;none&quot;}\" data-widget_type=\"image.default\">\n\t\t\t\t<div class=\"elementor-widget-container\">\n\t\t\t\t\t\t\t\t\t\t\t\t\t<img decoding=\"async\" src=\"https:\/\/centrumpanorama.pl\/konferencje-bankiety\/wp-content\/uploads\/elementor\/thumbs\/centrum-panorama-o-nas-3-pfszcfxbtdrbtn0itk8xzupanmpjgc63gza6p6kjgc.jpg\" title=\"centrum-panorama-o-nas-3\" alt=\"centrum-panorama-o-nas-3\" loading=\"lazy\" \/>\t\t\t\t\t\t\t\t\t\t\t\t\t<\/div>\n\t\t\t\t<\/div>\n\t\t\t\t\t<\/div>\n\t\t<\/div>\n\t\t\t\t\t<\/div>\n\t\t<\/section>\n\t\t\t\t<section class=\"elementor-section elementor-top-section elementor-element elementor-element-1adc2837 elementor-section-boxed elementor-section-height-default elementor-section-height-default\" data-id=\"1adc2837\" data-element_type=\"section\">\n\t\t\t\t\t\t<div class=\"elementor-container elementor-column-gap-default\">\n\t\t\t\t\t<div class=\"elementor-column elementor-col-50 elementor-top-column elementor-element elementor-element-19c88508\" data-id=\"19c88508\" data-element_type=\"column\" data-settings=\"{&quot;background_background&quot;:&quot;classic&quot;,&quot;animation&quot;:&quot;none&quot;}\">\n\t\t\t<div class=\"elementor-widget-wrap elementor-element-populated\">\n\t\t\t\t\t\t<div class=\"elementor-element elementor-element-42c1959 elementor-invisible elementor-widget elementor-widget-image\" data-id=\"42c1959\" data-element_type=\"widget\" data-settings=\"{&quot;_animation&quot;:&quot;fadeInLeft&quot;,&quot;_animation_tablet&quot;:&quot;none&quot;}\" data-widget_type=\"image.default\">\n\t\t\t\t<div class=\"elementor-widget-container\">\n\t\t\t\t\t\t\t\t\t\t\t\t\t\t<a href=\"https:\/\/centrumpanorama.pl\/konferencje-bankiety\/wp-content\/uploads\/2021\/11\/centrum-panorama-o-nas-4.jpg\" data-elementor-open-lightbox=\"yes\" data-elementor-lightbox-title=\"centrum-panorama-o-nas-4\" data-e-action-hash=\"#elementor-action%3Aaction%3Dlightbox%26settings%3DeyJpZCI6NjIxLCJ1cmwiOiJodHRwczpcL1wvY2VudHJ1bXBhbm9yYW1hLnBsXC9rb25mZXJlbmNqZS1iYW5raWV0eVwvd3AtY29udGVudFwvdXBsb2Fkc1wvMjAyMVwvMTFcL2NlbnRydW0tcGFub3JhbWEtby1uYXMtNC5qcGcifQ%3D%3D\">\n\t\t\t\t\t\t\t<img decoding=\"async\" src=\"https:\/\/centrumpanorama.pl\/konferencje-bankiety\/wp-content\/uploads\/elementor\/thumbs\/centrum-panorama-o-nas-4-pfszcvwl1kdqy50mlaad29gxx9u0ig12hq1reiz7zw.jpg\" title=\"centrum-panorama-o-nas-4\" alt=\"centrum-panorama-o-nas-4\" loading=\"lazy\" \/>\t\t\t\t\t\t\t\t<\/a>\n\t\t\t\t\t\t\t\t\t\t\t\t\t<\/div>\n\t\t\t\t<\/div>\n\t\t\t\t\t<\/div>\n\t\t<\/div>\n\t\t\t\t<div class=\"elementor-column elementor-col-50 elementor-top-column elementor-element elementor-element-64676bb0\" data-id=\"64676bb0\" data-element_type=\"column\" data-settings=\"{&quot;background_background&quot;:&quot;classic&quot;}\">\n\t\t\t<div class=\"elementor-widget-wrap elementor-element-populated\">\n\t\t\t\t\t\t<div class=\"elementor-element elementor-element-1636045 elementor-invisible elementor-widget elementor-widget-image\" data-id=\"1636045\" data-element_type=\"widget\" data-settings=\"{&quot;_animation&quot;:&quot;fadeInRight&quot;,&quot;_animation_tablet&quot;:&quot;none&quot;}\" data-widget_type=\"image.default\">\n\t\t\t\t<div class=\"elementor-widget-container\">\n\t\t\t\t\t\t\t\t\t\t\t\t\t\t<a href=\"https:\/\/centrumpanorama.pl\/konferencje-bankiety\/wp-content\/uploads\/2021\/11\/centrum-panorama-o-nas-5.jpg\" data-elementor-open-lightbox=\"yes\" data-elementor-lightbox-title=\"centrum-panorama-o-nas-5\" data-e-action-hash=\"#elementor-action%3Aaction%3Dlightbox%26settings%3DeyJpZCI6NjIyLCJ1cmwiOiJodHRwczpcL1wvY2VudHJ1bXBhbm9yYW1hLnBsXC9rb25mZXJlbmNqZS1iYW5raWV0eVwvd3AtY29udGVudFwvdXBsb2Fkc1wvMjAyMVwvMTFcL2NlbnRydW0tcGFub3JhbWEtby1uYXMtNS5qcGcifQ%3D%3D\">\n\t\t\t\t\t\t\t<img decoding=\"async\" width=\"1024\" height=\"576\" src=\"https:\/\/centrumpanorama.pl\/konferencje-bankiety\/wp-content\/uploads\/2021\/11\/centrum-panorama-o-nas-5-1024x576.jpg\" class=\"attachment-large size-large wp-image-622\" alt=\"\" srcset=\"https:\/\/centrumpanorama.pl\/konferencje-bankiety\/wp-content\/uploads\/2021\/11\/centrum-panorama-o-nas-5-1024x576.jpg 1024w, https:\/\/centrumpanorama.pl\/konferencje-bankiety\/wp-content\/uploads\/2021\/11\/centrum-panorama-o-nas-5-300x169.jpg 300w, https:\/\/centrumpanorama.pl\/konferencje-bankiety\/wp-content\/uploads\/2021\/11\/centrum-panorama-o-nas-5-768x432.jpg 768w, https:\/\/centrumpanorama.pl\/konferencje-bankiety\/wp-content\/uploads\/2021\/11\/centrum-panorama-o-nas-5.jpg 1300w\" sizes=\"(max-width: 1024px) 100vw, 1024px\" \/>\t\t\t\t\t\t\t\t<\/a>\n\t\t\t\t\t\t\t\t\t\t\t\t\t<\/div>\n\t\t\t\t<\/div>\n\t\t\t\t<section class=\"elementor-section elementor-inner-section elementor-element elementor-element-1f36e2b0 elementor-section-boxed elementor-section-height-default elementor-section-height-default\" data-id=\"1f36e2b0\" data-element_type=\"section\">\n\t\t\t\t\t\t<div class=\"elementor-container elementor-column-gap-default\">\n\t\t\t\t\t<div class=\"elementor-column elementor-col-50 elementor-inner-column elementor-element elementor-element-21e48db9\" data-id=\"21e48db9\" data-element_type=\"column\">\n\t\t\t<div class=\"elementor-widget-wrap elementor-element-populated\">\n\t\t\t\t\t\t<div class=\"elementor-element elementor-element-1279e69 elementor-invisible elementor-widget elementor-widget-image\" data-id=\"1279e69\" data-element_type=\"widget\" data-settings=\"{&quot;_animation&quot;:&quot;fadeInUp&quot;,&quot;_animation_tablet&quot;:&quot;none&quot;}\" data-widget_type=\"image.default\">\n\t\t\t\t<div class=\"elementor-widget-container\">\n\t\t\t\t\t\t\t\t\t\t\t\t\t\t<a href=\"https:\/\/centrumpanorama.pl\/konferencje-bankiety\/wp-content\/uploads\/2021\/11\/centrum-panorama-o-nas-6.jpg\" data-elementor-open-lightbox=\"yes\" data-elementor-lightbox-title=\"centrum-panorama-o-nas-6\" data-e-action-hash=\"#elementor-action%3Aaction%3Dlightbox%26settings%3DeyJpZCI6NjMyLCJ1cmwiOiJodHRwczpcL1wvY2VudHJ1bXBhbm9yYW1hLnBsXC9rb25mZXJlbmNqZS1iYW5raWV0eVwvd3AtY29udGVudFwvdXBsb2Fkc1wvMjAyMVwvMTFcL2NlbnRydW0tcGFub3JhbWEtby1uYXMtNi5qcGcifQ%3D%3D\">\n\t\t\t\t\t\t\t<img loading=\"lazy\" decoding=\"async\" width=\"768\" height=\"513\" src=\"https:\/\/centrumpanorama.pl\/konferencje-bankiety\/wp-content\/uploads\/2021\/11\/centrum-panorama-o-nas-6-768x513.jpg\" class=\"attachment-medium_large size-medium_large wp-image-632\" alt=\"\" srcset=\"https:\/\/centrumpanorama.pl\/konferencje-bankiety\/wp-content\/uploads\/2021\/11\/centrum-panorama-o-nas-6-768x513.jpg 768w, https:\/\/centrumpanorama.pl\/konferencje-bankiety\/wp-content\/uploads\/2021\/11\/centrum-panorama-o-nas-6-300x200.jpg 300w, https:\/\/centrumpanorama.pl\/konferencje-bankiety\/wp-content\/uploads\/2021\/11\/centrum-panorama-o-nas-6-1024x684.jpg 1024w, https:\/\/centrumpanorama.pl\/konferencje-bankiety\/wp-content\/uploads\/2021\/11\/centrum-panorama-o-nas-6.jpg 1300w\" sizes=\"(max-width: 768px) 100vw, 768px\" \/>\t\t\t\t\t\t\t\t<\/a>\n\t\t\t\t\t\t\t\t\t\t\t\t\t<\/div>\n\t\t\t\t<\/div>\n\t\t\t\t\t<\/div>\n\t\t<\/div>\n\t\t\t\t<div class=\"elementor-column elementor-col-50 elementor-inner-column elementor-element elementor-element-6db08df9\" data-id=\"6db08df9\" data-element_type=\"column\">\n\t\t\t<div class=\"elementor-widget-wrap elementor-element-populated\">\n\t\t\t\t\t\t<div class=\"elementor-element elementor-element-30884d5 elementor-invisible elementor-widget elementor-widget-image\" data-id=\"30884d5\" data-element_type=\"widget\" data-settings=\"{&quot;_animation&quot;:&quot;fadeInUp&quot;,&quot;_animation_tablet&quot;:&quot;none&quot;}\" data-widget_type=\"image.default\">\n\t\t\t\t<div class=\"elementor-widget-container\">\n\t\t\t\t\t\t\t\t\t\t\t\t\t\t<a href=\"https:\/\/centrumpanorama.pl\/konferencje-bankiety\/wp-content\/uploads\/2021\/11\/centrum-panorama-o-nas-7.jpg\" data-elementor-open-lightbox=\"yes\" data-elementor-lightbox-title=\"centrum-panorama-o-nas-7\" data-e-action-hash=\"#elementor-action%3Aaction%3Dlightbox%26settings%3DeyJpZCI6NjMzLCJ1cmwiOiJodHRwczpcL1wvY2VudHJ1bXBhbm9yYW1hLnBsXC9rb25mZXJlbmNqZS1iYW5raWV0eVwvd3AtY29udGVudFwvdXBsb2Fkc1wvMjAyMVwvMTFcL2NlbnRydW0tcGFub3JhbWEtby1uYXMtNy5qcGcifQ%3D%3D\">\n\t\t\t\t\t\t\t<img loading=\"lazy\" decoding=\"async\" width=\"768\" height=\"513\" src=\"https:\/\/centrumpanorama.pl\/konferencje-bankiety\/wp-content\/uploads\/2021\/11\/centrum-panorama-o-nas-7-768x513.jpg\" class=\"attachment-medium_large size-medium_large wp-image-633\" alt=\"\" srcset=\"https:\/\/centrumpanorama.pl\/konferencje-bankiety\/wp-content\/uploads\/2021\/11\/centrum-panorama-o-nas-7-768x513.jpg 768w, https:\/\/centrumpanorama.pl\/konferencje-bankiety\/wp-content\/uploads\/2021\/11\/centrum-panorama-o-nas-7-300x200.jpg 300w, https:\/\/centrumpanorama.pl\/konferencje-bankiety\/wp-content\/uploads\/2021\/11\/centrum-panorama-o-nas-7-1024x684.jpg 1024w, https:\/\/centrumpanorama.pl\/konferencje-bankiety\/wp-content\/uploads\/2021\/11\/centrum-panorama-o-nas-7.jpg 1300w\" sizes=\"(max-width: 768px) 100vw, 768px\" \/>\t\t\t\t\t\t\t\t<\/a>\n\t\t\t\t\t\t\t\t\t\t\t\t\t<\/div>\n\t\t\t\t<\/div>\n\t\t\t\t\t<\/div>\n\t\t<\/div>\n\t\t\t\t\t<\/div>\n\t\t<\/section>\n\t\t\t\t\t<\/div>\n\t\t<\/div>\n\t\t\t\t\t<\/div>\n\t\t<\/section>\n\t\t\t\t<section class=\"elementor-section elementor-top-section elementor-element elementor-element-6fc4e90 elementor-section-boxed elementor-section-height-default elementor-section-height-default\" data-id=\"6fc4e90\" data-element_type=\"section\">\n\t\t\t\t\t\t<div class=\"elementor-container elementor-column-gap-default\">\n\t\t\t\t\t<div class=\"elementor-column elementor-col-100 elementor-top-column elementor-element elementor-element-4e2076c\" data-id=\"4e2076c\" data-element_type=\"column\">\n\t\t\t<div class=\"elementor-widget-wrap elementor-element-populated\">\n\t\t\t\t\t\t\t<\/div>\n\t\t<\/div>\n\t\t\t\t\t<\/div>\n\t\t<\/section>\n\t\t\t\t<section class=\"elementor-section elementor-top-section elementor-element elementor-element-e1e65c1 elementor-section-boxed elementor-section-height-default elementor-section-height-default elementor-invisible\" data-id=\"e1e65c1\" data-element_type=\"section\" data-settings=\"{&quot;background_background&quot;:&quot;classic&quot;,&quot;animation&quot;:&quot;fadeInUp&quot;}\">\n\t\t\t\t\t\t<div class=\"elementor-container elementor-column-gap-default\">\n\t\t\t\t\t<div class=\"elementor-column elementor-col-100 elementor-top-column elementor-element elementor-element-70906bcb\" data-id=\"70906bcb\" data-element_type=\"column\">\n\t\t\t<div class=\"elementor-widget-wrap elementor-element-populated\">\n\t\t\t\t\t\t<div class=\"elementor-element elementor-element-7f1c7871 elementor-headline--style-highlight elementor-invisible elementor-widget elementor-widget-animated-headline\" data-id=\"7f1c7871\" data-element_type=\"widget\" data-settings=\"{&quot;marker&quot;:&quot;underline&quot;,&quot;highlighted_text&quot;:&quot;200 go\\u015bci&quot;,&quot;_animation&quot;:&quot;fadeIn&quot;,&quot;headline_style&quot;:&quot;highlight&quot;,&quot;loop&quot;:&quot;yes&quot;,&quot;highlight_animation_duration&quot;:1200,&quot;highlight_iteration_delay&quot;:8000}\" data-widget_type=\"animated-headline.default\">\n\t\t\t\t<div class=\"elementor-widget-container\">\n\t\t\t<link rel=\"stylesheet\" href=\"https:\/\/centrumpanorama.pl\/konferencje-bankiety\/wp-content\/plugins\/elementor-pro\/assets\/css\/widget-animated-headline.min.css\">\t\t<h3 class=\"elementor-headline\">\n\t\t\t\t\t<span class=\"elementor-headline-plain-text elementor-headline-text-wrapper\">Dysponujemy sal\u0105 mog\u0105c\u0105 pomie\u015bci\u0107 do <\/span>\n\t\t\t\t<span class=\"elementor-headline-dynamic-wrapper elementor-headline-text-wrapper\">\n\t\t\t\t\t<span class=\"elementor-headline-dynamic-text elementor-headline-text-active\">200 go\u015bci<\/span>\n\t\t\t\t<\/span>\n\t\t\t\t<\/h3>\n\t\t\t\t<\/div>\n\t\t\t\t<\/div>\n\t\t\t\t<div class=\"elementor-element elementor-element-31f18376 elementor-invisible elementor-widget elementor-widget-text-editor\" data-id=\"31f18376\" data-element_type=\"widget\" data-settings=\"{&quot;_animation&quot;:&quot;fadeIn&quot;,&quot;_animation_delay&quot;:1}\" data-widget_type=\"text-editor.default\">\n\t\t\t\t<div class=\"elementor-widget-container\">\n\t\t\t\t\t\t\t<p>Zapraszamy serdecznie do kontaktu w celu poznania szczeg\u00f3\u0142owej oferty i dost\u0119pnych termin\u00f3w<\/p>\t\t\t\t\t\t<\/div>\n\t\t\t\t<\/div>\n\t\t\t\t<div class=\"elementor-element elementor-element-f6f5920 elementor-align-center elementor-widget elementor-widget-button\" data-id=\"f6f5920\" data-element_type=\"widget\" data-widget_type=\"button.default\">\n\t\t\t\t<div class=\"elementor-widget-container\">\n\t\t\t\t\t<div class=\"elementor-button-wrapper\">\n\t\t\t<a class=\"elementor-button elementor-button-link elementor-size-md\" href=\"https:\/\/centrumpanorama.pl\/konferencje-bankiety\/kontakt\/\">\n\t\t\t\t\t\t<span class=\"elementor-button-content-wrapper\">\n\t\t\t\t\t\t\t\t\t<span class=\"elementor-button-text\">Kontakt<\/span>\n\t\t\t\t\t<\/span>\n\t\t\t\t\t<\/a>\n\t\t<\/div>\n\t\t\t\t<\/div>\n\t\t\t\t<\/div>\n\t\t\t\t\t<\/div>\n\t\t<\/div>\n\t\t\t\t\t<\/div>\n\t\t<\/section>\n\t\t\t\t<\/div>\n\t\t","protected":false},"excerpt":{"rendered":"<p>\u015awi\u0119tuj wyj\u0105tkowe wydarzenia na \u0142onie natury Z wielk\u0105 przyjemno\u015bci\u0105 zapraszamy Pa\u0144stwa do Centrum Bankietowo \u2013 Konferencyjnego Panorama po\u0142o\u017conego w miejscowo\u015bci Ka\u0142ki w gminie Ojrze\u0144. Miejsce to powsta\u0142o z my\u015bl\u0105 o stworzeniu przestronnego i komfortowego miejsca blisko natury, idealnego na spotkania z najbli\u017cszymi i przyjaci\u00f3\u0142mi, aby wsp\u00f3lnie \u015bwi\u0119towa\u0107 wyj\u0105tkowe okazje. Idealne miejsce do organizacji wesela Proste,&#8230;<\/p>\n","protected":false},"author":1,"featured_media":0,"parent":0,"menu_order":0,"comment_status":"closed","ping_status":"closed","template":"","meta":{"_kad_post_transparent":"","_kad_post_title":"default","_kad_post_layout":"fullwidth","_kad_post_sidebar_id":"","_kad_post_content_style":"unboxed","_kad_post_vertical_padding":"hide","_kad_post_feature":"hide","_kad_post_feature_position":"","_kad_post_header":false,"_kad_post_footer":false,"footnotes":""},"yoast_head":"<!-- This site is optimized with the Yoast SEO plugin v24.5 - https:\/\/yoast.com\/wordpress\/plugins\/seo\/ -->\n<title>O nas - Centrum Bankietowo-Konferencyjne PANORAMA Ka\u0142ki (gmina Ojrze\u0144)<\/title>\n<meta name=\"robots\" content=\"index, follow, max-snippet:-1, max-image-preview:large, max-video-preview:-1\" \/>\n<link rel=\"canonical\" href=\"https:\/\/centrumpanorama.pl\/konferencje-bankiety\/o-nas\/\" \/>\n<meta property=\"og:locale\" content=\"pl_PL\" \/>\n<meta property=\"og:type\" content=\"article\" \/>\n<meta property=\"og:title\" content=\"O nas - Centrum Bankietowo-Konferencyjne PANORAMA Ka\u0142ki (gmina Ojrze\u0144)\" \/>\n<meta property=\"og:description\" content=\"\u015awi\u0119tuj wyj\u0105tkowe wydarzenia na \u0142onie natury Z wielk\u0105 przyjemno\u015bci\u0105 zapraszamy Pa\u0144stwa do Centrum Bankietowo \u2013 Konferencyjnego Panorama po\u0142o\u017conego w miejscowo\u015bci Ka\u0142ki w gminie Ojrze\u0144. Miejsce to powsta\u0142o z my\u015bl\u0105 o stworzeniu przestronnego i komfortowego miejsca blisko natury, idealnego na spotkania z najbli\u017cszymi i przyjaci\u00f3\u0142mi, aby wsp\u00f3lnie \u015bwi\u0119towa\u0107 wyj\u0105tkowe okazje. Idealne miejsce do organizacji wesela Proste,...\" \/>\n<meta property=\"og:url\" content=\"https:\/\/centrumpanorama.pl\/konferencje-bankiety\/o-nas\/\" \/>\n<meta property=\"og:site_name\" content=\"Centrum Bankietowo-Konferencyjne PANORAMA Ka\u0142ki (gmina Ojrze\u0144)\" \/>\n<meta property=\"article:publisher\" content=\"https:\/\/www.facebook.com\/Centrum-Bankietowo-Konferencyjne-Panorama-1165255736831333\/\" \/>\n<meta property=\"article:modified_time\" content=\"2021-11-25T11:30:06+00:00\" \/>\n<meta property=\"og:image\" content=\"https:\/\/centrumpanorama.pl\/konferencje-bankiety\/wp-content\/uploads\/elementor\/thumbs\/centrum-panorama-home-2-pf4tz5gfmg4l5i2q0mwnz459il2lkz3e5rtudldit8.jpg\" \/>\n<meta name=\"twitter:card\" content=\"summary_large_image\" \/>\n<meta name=\"twitter:label1\" content=\"Szacowany czas czytania\" \/>\n\t<meta name=\"twitter:data1\" content=\"3 minuty\" \/>\n<script type=\"application\/ld+json\" class=\"yoast-schema-graph\">{\"@context\":\"https:\/\/schema.org\",\"@graph\":[{\"@type\":\"WebPage\",\"@id\":\"https:\/\/centrumpanorama.pl\/konferencje-bankiety\/o-nas\/\",\"url\":\"https:\/\/centrumpanorama.pl\/konferencje-bankiety\/o-nas\/\",\"name\":\"O nas - Centrum Bankietowo-Konferencyjne PANORAMA Ka\u0142ki (gmina Ojrze\u0144)\",\"isPartOf\":{\"@id\":\"https:\/\/centrumpanorama.pl\/konferencje-bankiety\/#website\"},\"primaryImageOfPage\":{\"@id\":\"https:\/\/centrumpanorama.pl\/konferencje-bankiety\/o-nas\/#primaryimage\"},\"image\":{\"@id\":\"https:\/\/centrumpanorama.pl\/konferencje-bankiety\/o-nas\/#primaryimage\"},\"thumbnailUrl\":\"https:\/\/centrumpanorama.pl\/konferencje-bankiety\/wp-content\/uploads\/elementor\/thumbs\/centrum-panorama-home-2-pf4tz5gfmg4l5i2q0mwnz459il2lkz3e5rtudldit8.jpg\",\"datePublished\":\"2021-10-22T11:56:45+00:00\",\"dateModified\":\"2021-11-25T11:30:06+00:00\",\"breadcrumb\":{\"@id\":\"https:\/\/centrumpanorama.pl\/konferencje-bankiety\/o-nas\/#breadcrumb\"},\"inLanguage\":\"pl-PL\",\"potentialAction\":[{\"@type\":\"ReadAction\",\"target\":[\"https:\/\/centrumpanorama.pl\/konferencje-bankiety\/o-nas\/\"]}]},{\"@type\":\"ImageObject\",\"inLanguage\":\"pl-PL\",\"@id\":\"https:\/\/centrumpanorama.pl\/konferencje-bankiety\/o-nas\/#primaryimage\",\"url\":\"https:\/\/centrumpanorama.pl\/konferencje-bankiety\/wp-content\/uploads\/elementor\/thumbs\/centrum-panorama-home-2-pf4tz5gfmg4l5i2q0mwnz459il2lkz3e5rtudldit8.jpg\",\"contentUrl\":\"https:\/\/centrumpanorama.pl\/konferencje-bankiety\/wp-content\/uploads\/elementor\/thumbs\/centrum-panorama-home-2-pf4tz5gfmg4l5i2q0mwnz459il2lkz3e5rtudldit8.jpg\"},{\"@type\":\"BreadcrumbList\",\"@id\":\"https:\/\/centrumpanorama.pl\/konferencje-bankiety\/o-nas\/#breadcrumb\",\"itemListElement\":[{\"@type\":\"ListItem\",\"position\":1,\"name\":\"Strona g\u0142\u00f3wna\",\"item\":\"https:\/\/centrumpanorama.pl\/konferencje-bankiety\/\"},{\"@type\":\"ListItem\",\"position\":2,\"name\":\"O nas\"}]},{\"@type\":\"WebSite\",\"@id\":\"https:\/\/centrumpanorama.pl\/konferencje-bankiety\/#website\",\"url\":\"https:\/\/centrumpanorama.pl\/konferencje-bankiety\/\",\"name\":\"Centrum Bankietowo-Konferencyjne PANORAMA Ka\u0142ki (gmina Ojrze\u0144)\",\"description\":\"Organizujemy imprezy weselne, poprawiny, chrzciny, komunie, konferencje. Organizacja imprez na 200 os\u00f3b. Spokojne miejsce, blisko lasu..\",\"publisher\":{\"@id\":\"https:\/\/centrumpanorama.pl\/konferencje-bankiety\/#organization\"},\"potentialAction\":[{\"@type\":\"SearchAction\",\"target\":{\"@type\":\"EntryPoint\",\"urlTemplate\":\"https:\/\/centrumpanorama.pl\/konferencje-bankiety\/?s={search_term_string}\"},\"query-input\":{\"@type\":\"PropertyValueSpecification\",\"valueRequired\":true,\"valueName\":\"search_term_string\"}}],\"inLanguage\":\"pl-PL\"},{\"@type\":\"Organization\",\"@id\":\"https:\/\/centrumpanorama.pl\/konferencje-bankiety\/#organization\",\"name\":\"Centrum Bankietowo-Konferencyjne PANORAMA Ka\u0142ki (gmina Ojrze\u0144)\",\"url\":\"https:\/\/centrumpanorama.pl\/konferencje-bankiety\/\",\"logo\":{\"@type\":\"ImageObject\",\"inLanguage\":\"pl-PL\",\"@id\":\"https:\/\/centrumpanorama.pl\/konferencje-bankiety\/#\/schema\/logo\/image\/\",\"url\":\"https:\/\/centrumpanorama.pl\/konferencje-bankiety\/wp-content\/uploads\/2021\/10\/centrumpanorama-logo.png\",\"contentUrl\":\"https:\/\/centrumpanorama.pl\/konferencje-bankiety\/wp-content\/uploads\/2021\/10\/centrumpanorama-logo.png\",\"width\":245,\"height\":127,\"caption\":\"Centrum Bankietowo-Konferencyjne PANORAMA Ka\u0142ki (gmina Ojrze\u0144)\"},\"image\":{\"@id\":\"https:\/\/centrumpanorama.pl\/konferencje-bankiety\/#\/schema\/logo\/image\/\"},\"sameAs\":[\"https:\/\/www.facebook.com\/Centrum-Bankietowo-Konferencyjne-Panorama-1165255736831333\/\"]}]}<\/script>\n<!-- \/ Yoast SEO plugin. -->","yoast_head_json":{"title":"O nas - Centrum Bankietowo-Konferencyjne PANORAMA Ka\u0142ki (gmina Ojrze\u0144)","robots":{"index":"index","follow":"follow","max-snippet":"max-snippet:-1","max-image-preview":"max-image-preview:large","max-video-preview":"max-video-preview:-1"},"canonical":"https:\/\/centrumpanorama.pl\/konferencje-bankiety\/o-nas\/","og_locale":"pl_PL","og_type":"article","og_title":"O nas - Centrum Bankietowo-Konferencyjne PANORAMA Ka\u0142ki (gmina Ojrze\u0144)","og_description":"\u015awi\u0119tuj wyj\u0105tkowe wydarzenia na \u0142onie natury Z wielk\u0105 przyjemno\u015bci\u0105 zapraszamy Pa\u0144stwa do Centrum Bankietowo \u2013 Konferencyjnego Panorama po\u0142o\u017conego w miejscowo\u015bci Ka\u0142ki w gminie Ojrze\u0144. Miejsce to powsta\u0142o z my\u015bl\u0105 o stworzeniu przestronnego i komfortowego miejsca blisko natury, idealnego na spotkania z najbli\u017cszymi i przyjaci\u00f3\u0142mi, aby wsp\u00f3lnie \u015bwi\u0119towa\u0107 wyj\u0105tkowe okazje. Idealne miejsce do organizacji wesela Proste,...","og_url":"https:\/\/centrumpanorama.pl\/konferencje-bankiety\/o-nas\/","og_site_name":"Centrum Bankietowo-Konferencyjne PANORAMA Ka\u0142ki (gmina Ojrze\u0144)","article_publisher":"https:\/\/www.facebook.com\/Centrum-Bankietowo-Konferencyjne-Panorama-1165255736831333\/","article_modified_time":"2021-11-25T11:30:06+00:00","og_image":[{"url":"https:\/\/centrumpanorama.pl\/konferencje-bankiety\/wp-content\/uploads\/elementor\/thumbs\/centrum-panorama-home-2-pf4tz5gfmg4l5i2q0mwnz459il2lkz3e5rtudldit8.jpg","type":"","width":"","height":""}],"twitter_card":"summary_large_image","twitter_misc":{"Szacowany czas czytania":"3 minuty"},"schema":{"@context":"https:\/\/schema.org","@graph":[{"@type":"WebPage","@id":"https:\/\/centrumpanorama.pl\/konferencje-bankiety\/o-nas\/","url":"https:\/\/centrumpanorama.pl\/konferencje-bankiety\/o-nas\/","name":"O nas - Centrum Bankietowo-Konferencyjne PANORAMA Ka\u0142ki (gmina Ojrze\u0144)","isPartOf":{"@id":"https:\/\/centrumpanorama.pl\/konferencje-bankiety\/#website"},"primaryImageOfPage":{"@id":"https:\/\/centrumpanorama.pl\/konferencje-bankiety\/o-nas\/#primaryimage"},"image":{"@id":"https:\/\/centrumpanorama.pl\/konferencje-bankiety\/o-nas\/#primaryimage"},"thumbnailUrl":"https:\/\/centrumpanorama.pl\/konferencje-bankiety\/wp-content\/uploads\/elementor\/thumbs\/centrum-panorama-home-2-pf4tz5gfmg4l5i2q0mwnz459il2lkz3e5rtudldit8.jpg","datePublished":"2021-10-22T11:56:45+00:00","dateModified":"2021-11-25T11:30:06+00:00","breadcrumb":{"@id":"https:\/\/centrumpanorama.pl\/konferencje-bankiety\/o-nas\/#breadcrumb"},"inLanguage":"pl-PL","potentialAction":[{"@type":"ReadAction","target":["https:\/\/centrumpanorama.pl\/konferencje-bankiety\/o-nas\/"]}]},{"@type":"ImageObject","inLanguage":"pl-PL","@id":"https:\/\/centrumpanorama.pl\/konferencje-bankiety\/o-nas\/#primaryimage","url":"https:\/\/centrumpanorama.pl\/konferencje-bankiety\/wp-content\/uploads\/elementor\/thumbs\/centrum-panorama-home-2-pf4tz5gfmg4l5i2q0mwnz459il2lkz3e5rtudldit8.jpg","contentUrl":"https:\/\/centrumpanorama.pl\/konferencje-bankiety\/wp-content\/uploads\/elementor\/thumbs\/centrum-panorama-home-2-pf4tz5gfmg4l5i2q0mwnz459il2lkz3e5rtudldit8.jpg"},{"@type":"BreadcrumbList","@id":"https:\/\/centrumpanorama.pl\/konferencje-bankiety\/o-nas\/#breadcrumb","itemListElement":[{"@type":"ListItem","position":1,"name":"Strona g\u0142\u00f3wna","item":"https:\/\/centrumpanorama.pl\/konferencje-bankiety\/"},{"@type":"ListItem","position":2,"name":"O nas"}]},{"@type":"WebSite","@id":"https:\/\/centrumpanorama.pl\/konferencje-bankiety\/#website","url":"https:\/\/centrumpanorama.pl\/konferencje-bankiety\/","name":"Centrum Bankietowo-Konferencyjne PANORAMA Ka\u0142ki (gmina Ojrze\u0144)","description":"Organizujemy imprezy weselne, poprawiny, chrzciny, komunie, konferencje. Organizacja imprez na 200 os\u00f3b. Spokojne miejsce, blisko lasu..","publisher":{"@id":"https:\/\/centrumpanorama.pl\/konferencje-bankiety\/#organization"},"potentialAction":[{"@type":"SearchAction","target":{"@type":"EntryPoint","urlTemplate":"https:\/\/centrumpanorama.pl\/konferencje-bankiety\/?s={search_term_string}"},"query-input":{"@type":"PropertyValueSpecification","valueRequired":true,"valueName":"search_term_string"}}],"inLanguage":"pl-PL"},{"@type":"Organization","@id":"https:\/\/centrumpanorama.pl\/konferencje-bankiety\/#organization","name":"Centrum Bankietowo-Konferencyjne PANORAMA Ka\u0142ki (gmina Ojrze\u0144)","url":"https:\/\/centrumpanorama.pl\/konferencje-bankiety\/","logo":{"@type":"ImageObject","inLanguage":"pl-PL","@id":"https:\/\/centrumpanorama.pl\/konferencje-bankiety\/#\/schema\/logo\/image\/","url":"https:\/\/centrumpanorama.pl\/konferencje-bankiety\/wp-content\/uploads\/2021\/10\/centrumpanorama-logo.png","contentUrl":"https:\/\/centrumpanorama.pl\/konferencje-bankiety\/wp-content\/uploads\/2021\/10\/centrumpanorama-logo.png","width":245,"height":127,"caption":"Centrum Bankietowo-Konferencyjne PANORAMA Ka\u0142ki (gmina Ojrze\u0144)"},"image":{"@id":"https:\/\/centrumpanorama.pl\/konferencje-bankiety\/#\/schema\/logo\/image\/"},"sameAs":["https:\/\/www.facebook.com\/Centrum-Bankietowo-Konferencyjne-Panorama-1165255736831333\/"]}]}},"_links":{"self":[{"href":"https:\/\/centrumpanorama.pl\/konferencje-bankiety\/wp-json\/wp\/v2\/pages\/17"}],"collection":[{"href":"https:\/\/centrumpanorama.pl\/konferencje-bankiety\/wp-json\/wp\/v2\/pages"}],"about":[{"href":"https:\/\/centrumpanorama.pl\/konferencje-bankiety\/wp-json\/wp\/v2\/types\/page"}],"author":[{"embeddable":true,"href":"https:\/\/centrumpanorama.pl\/konferencje-bankiety\/wp-json\/wp\/v2\/users\/1"}],"replies":[{"embeddable":true,"href":"https:\/\/centrumpanorama.pl\/konferencje-bankiety\/wp-json\/wp\/v2\/comments?post=17"}],"version-history":[{"count":59,"href":"https:\/\/centrumpanorama.pl\/konferencje-bankiety\/wp-json\/wp\/v2\/pages\/17\/revisions"}],"predecessor-version":[{"id":801,"href":"https:\/\/centrumpanorama.pl\/konferencje-bankiety\/wp-json\/wp\/v2\/pages\/17\/revisions\/801"}],"wp:attachment":[{"href":"https:\/\/centrumpanorama.pl\/konferencje-bankiety\/wp-json\/wp\/v2\/media?parent=17"}],"curies":[{"name":"wp","href":"https:\/\/api.w.org\/{rel}","templated":true}]}}